{"id":1002062,"date":"2024-11-08T16:59:09","date_gmt":"2024-11-08T15:59:09","guid":{"rendered":"https:\/\/2026.stilanddesign.se\/?post_type=product&#038;p=1002062"},"modified":"2024-12-30T10:53:45","modified_gmt":"2024-12-30T09:53:45","slug":"harlig-ljusgra-kavaj","status":"publish","type":"product","link":"https:\/\/2026.stilanddesign.se\/en\/product\/harlig-ljusgra-kavaj\/","title":{"rendered":"Lovely Light Grey Blazer"},"content":{"rendered":"<h1><strong>Lovely Light Grey Blazer<\/strong><\/h1>\n<p>Kavajen har krage och slag framtill<\/p>\n<p>Tv\u00e5 fickor fram som \u00e4r utsmycknad<\/p>\n<p>Kn\u00e4pps med en knapp, figursydd och axelvaddar<\/p>\n<p>L\u00e4ngd fr\u00e5n axel och ner ca 60 cm<\/p>\n<p>Material; 95% polyester 5% elastane<\/p>\n<p>Washing instructions: 30 degrees<\/p>\n<h1><strong>\u00a0<\/strong><\/h1>\n<p>&nbsp;<\/p>\n<p>&nbsp;<\/p>\n<p>&nbsp;<\/p>\n<p>&nbsp;<\/p>","protected":false},"excerpt":{"rendered":"<h1><strong>Lovely Light Grey Blazer<\/strong><\/h1>\n<p>Kavajen har krage och slag framtill<\/p>\n<p>Tv\u00e5 fickor fram som \u00e4r utsmycknad<\/p>\n<p>Kn\u00e4pps med en knapp, figursydd och axelvaddar<\/p>\n<p>L\u00e4ngd fr\u00e5n axel och ner ca 60 cm<\/p>\n<p>Material; 95% polyester 5% elastane<\/p>\n<p>Washing instructions: 30 degrees<\/p>\n<p>&nbsp;<\/p>","protected":false},"featured_media":1002104,"comment_status":"closed","ping_status":"closed","template":"","meta":[],"product_brand":[],"product_cat":[212],"product_tag":[],"class_list":["post-1002062","product","type-product","status-publish","has-post-thumbnail","product_cat-kavajer","first","outofstock","taxable","shipping-taxable","product-type-variable"],"yoast_head":"<!-- This site is optimized with the Yoast SEO Premium plugin v27.9 (Yoast SEO v28.4) - https:\/\/yoast.com\/product\/yoast-seo-premium-wordpress\/ -->\n<title>H\u00e4rlig Ljusgr\u00e5 Kavaj - Stil &amp; Design<\/title>\n<meta name=\"robots\" content=\"noindex, follow, max-snippet:-1, max-image-preview:large, max-video-preview:-1\" \/>\n<meta property=\"og:locale\" content=\"en_US\" \/>\n<meta property=\"og:type\" content=\"article\" \/>\n<meta property=\"og:title\" content=\"H\u00e4rlig Ljusgr\u00e5 Kavaj\" \/>\n<meta property=\"og:description\" content=\"H\u00e4rlig Ljusgr\u00e5 Kavaj Kavajen har krage och slag framtill  Tv\u00e5 fickor fram som \u00e4r utsmycknad  Kn\u00e4pps med en knapp, figursydd och axelvaddar  L\u00e4ngd fr\u00e5n axel och ner ca 60 cm  Material; 95% polyester 5% elastan  Tv\u00e4ttr\u00e5d; 30 grader  &nbsp;\" \/>\n<meta property=\"og:url\" content=\"https:\/\/2026.stilanddesign.se\/en\/product\/harlig-ljusgra-kavaj\/\" \/>\n<meta property=\"og:site_name\" content=\"Stil &amp; Design\" \/>\n<meta property=\"article:modified_time\" content=\"2024-12-30T09:53:45+00:00\" \/>\n<meta property=\"og:image\" content=\"https:\/\/2026.stilanddesign.se\/wp-content\/uploads\/2024\/11\/1233321111-1-scaled-1.jpg\" \/>\n\t<meta property=\"og:image:width\" content=\"1526\" \/>\n\t<meta property=\"og:image:height\" content=\"2560\" \/>\n\t<meta property=\"og:image:type\" content=\"image\/jpeg\" \/>\n<meta name=\"twitter:card\" content=\"summary_large_image\" \/>\n<meta name=\"twitter:label1\" content=\"Availability\" \/>\n\t<meta name=\"twitter:data1\" content=\"Out of stock\" \/>\n<script type=\"application\/ld+json\" class=\"yoast-schema-graph\">{\"@context\":\"https:\\\/\\\/schema.org\",\"@graph\":[{\"@type\":\"WebPage\",\"@id\":\"https:\\\/\\\/2026.stilanddesign.se\\\/produkt\\\/harlig-ljusgra-kavaj\\\/\",\"url\":\"https:\\\/\\\/2026.stilanddesign.se\\\/produkt\\\/harlig-ljusgra-kavaj\\\/\",\"name\":\"H\u00e4rlig Ljusgr\u00e5 Kavaj - Stil &amp; Design\",\"isPartOf\":{\"@id\":\"https:\\\/\\\/2026.stilanddesign.se\\\/#website\"},\"primaryImageOfPage\":{\"@id\":\"https:\\\/\\\/2026.stilanddesign.se\\\/produkt\\\/harlig-ljusgra-kavaj\\\/#primaryimage\"},\"image\":{\"@id\":\"https:\\\/\\\/2026.stilanddesign.se\\\/produkt\\\/harlig-ljusgra-kavaj\\\/#primaryimage\"},\"thumbnailUrl\":\"https:\\\/\\\/2026.stilanddesign.se\\\/wp-content\\\/uploads\\\/2024\\\/11\\\/1233321111-1-scaled-1.jpg\",\"datePublished\":\"2024-11-08T15:59:09+00:00\",\"dateModified\":\"2024-12-30T09:53:45+00:00\",\"breadcrumb\":{\"@id\":\"https:\\\/\\\/2026.stilanddesign.se\\\/produkt\\\/harlig-ljusgra-kavaj\\\/#breadcrumb\"},\"inLanguage\":\"en-US\",\"potentialAction\":[{\"@type\":\"ReadAction\",\"target\":[\"https:\\\/\\\/2026.stilanddesign.se\\\/produkt\\\/harlig-ljusgra-kavaj\\\/\"]}]},{\"@type\":\"ImageObject\",\"inLanguage\":\"en-US\",\"@id\":\"https:\\\/\\\/2026.stilanddesign.se\\\/produkt\\\/harlig-ljusgra-kavaj\\\/#primaryimage\",\"url\":\"https:\\\/\\\/2026.stilanddesign.se\\\/wp-content\\\/uploads\\\/2024\\\/11\\\/1233321111-1-scaled-1.jpg\",\"contentUrl\":\"https:\\\/\\\/2026.stilanddesign.se\\\/wp-content\\\/uploads\\\/2024\\\/11\\\/1233321111-1-scaled-1.jpg\",\"width\":1526,\"height\":2560},{\"@type\":\"BreadcrumbList\",\"@id\":\"https:\\\/\\\/2026.stilanddesign.se\\\/produkt\\\/harlig-ljusgra-kavaj\\\/#breadcrumb\",\"itemListElement\":[{\"@type\":\"ListItem\",\"position\":1,\"name\":\"Hem\",\"item\":\"https:\\\/\\\/2026.stilanddesign.se\\\/\"},{\"@type\":\"ListItem\",\"position\":2,\"name\":\"Butiken\",\"item\":\"https:\\\/\\\/2026.stilanddesign.se\\\/butiken\\\/\"},{\"@type\":\"ListItem\",\"position\":3,\"name\":\"H\u00e4rlig Ljusgr\u00e5 Kavaj\"}]},{\"@type\":\"WebSite\",\"@id\":\"https:\\\/\\\/2026.stilanddesign.se\\\/#website\",\"url\":\"https:\\\/\\\/2026.stilanddesign.se\\\/\",\"name\":\"Stil &amp; Design\",\"description\":\"F\u00f6r oss som \u00e4lskar mode!\",\"publisher\":{\"@id\":\"https:\\\/\\\/2026.stilanddesign.se\\\/#organization\"},\"potentialAction\":[{\"@type\":\"SearchAction\",\"target\":{\"@type\":\"EntryPoint\",\"urlTemplate\":\"https:\\\/\\\/2026.stilanddesign.se\\\/?s={search_term_string}\"},\"query-input\":{\"@type\":\"PropertyValueSpecification\",\"valueRequired\":true,\"valueName\":\"search_term_string\"}}],\"inLanguage\":\"en-US\"},{\"@type\":\"Organization\",\"@id\":\"https:\\\/\\\/2026.stilanddesign.se\\\/#organization\",\"name\":\"Stil &amp; Design\",\"url\":\"https:\\\/\\\/2026.stilanddesign.se\\\/\",\"logo\":{\"@type\":\"ImageObject\",\"inLanguage\":\"en-US\",\"@id\":\"https:\\\/\\\/2026.stilanddesign.se\\\/#\\\/schema\\\/logo\\\/image\\\/\",\"url\":\"https:\\\/\\\/2026.stilanddesign.se\\\/wp-content\\\/uploads\\\/2023\\\/12\\\/output-onlinepngtools-e1727784413220.png\",\"contentUrl\":\"https:\\\/\\\/2026.stilanddesign.se\\\/wp-content\\\/uploads\\\/2023\\\/12\\\/output-onlinepngtools-e1727784413220.png\",\"width\":519,\"height\":135,\"caption\":\"Stil &amp; Design\"},\"image\":{\"@id\":\"https:\\\/\\\/2026.stilanddesign.se\\\/#\\\/schema\\\/logo\\\/image\\\/\"}}]}<\/script>\n<meta property=\"og:availability\" content=\"out of stock\" \/>\n<meta property=\"product:availability\" content=\"out of stock\" \/>\n<meta property=\"product:retailer_item_id\" content=\"tia Ljusgr\u00e5\" \/>\n<meta property=\"product:condition\" content=\"new\" \/>\n<!-- \/ Yoast SEO Premium plugin. -->","yoast_head_json":{"title":"H\u00e4rlig Ljusgr\u00e5 Kavaj - Stil &amp; Design","robots":{"index":"noindex","follow":"follow","max-snippet":"max-snippet:-1","max-image-preview":"max-image-preview:large","max-video-preview":"max-video-preview:-1"},"og_locale":"en_US","og_type":"article","og_title":"H\u00e4rlig Ljusgr\u00e5 Kavaj","og_description":"H\u00e4rlig Ljusgr\u00e5 Kavaj Kavajen har krage och slag framtill  Tv\u00e5 fickor fram som \u00e4r utsmycknad  Kn\u00e4pps med en knapp, figursydd och axelvaddar  L\u00e4ngd fr\u00e5n axel och ner ca 60 cm  Material; 95% polyester 5% elastan  Tv\u00e4ttr\u00e5d; 30 grader  &nbsp;","og_url":"https:\/\/2026.stilanddesign.se\/en\/product\/harlig-ljusgra-kavaj\/","og_site_name":"Stil &amp; Design","article_modified_time":"2024-12-30T09:53:45+00:00","og_image":[{"width":1526,"height":2560,"url":"https:\/\/2026.stilanddesign.se\/wp-content\/uploads\/2024\/11\/1233321111-1-scaled-1.jpg","type":"image\/jpeg"}],"twitter_card":"summary_large_image","twitter_misc":{"Availability":"Out of stock"},"schema":{"@context":"https:\/\/schema.org","@graph":[{"@type":"WebPage","@id":"https:\/\/2026.stilanddesign.se\/produkt\/harlig-ljusgra-kavaj\/","url":"https:\/\/2026.stilanddesign.se\/produkt\/harlig-ljusgra-kavaj\/","name":"H\u00e4rlig Ljusgr\u00e5 Kavaj - Stil &amp; Design","isPartOf":{"@id":"https:\/\/2026.stilanddesign.se\/#website"},"primaryImageOfPage":{"@id":"https:\/\/2026.stilanddesign.se\/produkt\/harlig-ljusgra-kavaj\/#primaryimage"},"image":{"@id":"https:\/\/2026.stilanddesign.se\/produkt\/harlig-ljusgra-kavaj\/#primaryimage"},"thumbnailUrl":"https:\/\/2026.stilanddesign.se\/wp-content\/uploads\/2024\/11\/1233321111-1-scaled-1.jpg","datePublished":"2024-11-08T15:59:09+00:00","dateModified":"2024-12-30T09:53:45+00:00","breadcrumb":{"@id":"https:\/\/2026.stilanddesign.se\/produkt\/harlig-ljusgra-kavaj\/#breadcrumb"},"inLanguage":"en-US","potentialAction":[{"@type":"ReadAction","target":["https:\/\/2026.stilanddesign.se\/produkt\/harlig-ljusgra-kavaj\/"]}]},{"@type":"ImageObject","inLanguage":"en-US","@id":"https:\/\/2026.stilanddesign.se\/produkt\/harlig-ljusgra-kavaj\/#primaryimage","url":"https:\/\/2026.stilanddesign.se\/wp-content\/uploads\/2024\/11\/1233321111-1-scaled-1.jpg","contentUrl":"https:\/\/2026.stilanddesign.se\/wp-content\/uploads\/2024\/11\/1233321111-1-scaled-1.jpg","width":1526,"height":2560},{"@type":"BreadcrumbList","@id":"https:\/\/2026.stilanddesign.se\/produkt\/harlig-ljusgra-kavaj\/#breadcrumb","itemListElement":[{"@type":"ListItem","position":1,"name":"Hem","item":"https:\/\/2026.stilanddesign.se\/"},{"@type":"ListItem","position":2,"name":"Butiken","item":"https:\/\/2026.stilanddesign.se\/butiken\/"},{"@type":"ListItem","position":3,"name":"H\u00e4rlig Ljusgr\u00e5 Kavaj"}]},{"@type":"WebSite","@id":"https:\/\/2026.stilanddesign.se\/#website","url":"https:\/\/2026.stilanddesign.se\/","name":"Style &amp; Design","description":"For those of us who love fashion!","publisher":{"@id":"https:\/\/2026.stilanddesign.se\/#organization"},"potentialAction":[{"@type":"SearchAction","target":{"@type":"EntryPoint","urlTemplate":"https:\/\/2026.stilanddesign.se\/?s={search_term_string}"},"query-input":{"@type":"PropertyValueSpecification","valueRequired":true,"valueName":"search_term_string"}}],"inLanguage":"en-US"},{"@type":"Organization","@id":"https:\/\/2026.stilanddesign.se\/#organization","name":"Style &amp; Design","url":"https:\/\/2026.stilanddesign.se\/","logo":{"@type":"ImageObject","inLanguage":"en-US","@id":"https:\/\/2026.stilanddesign.se\/#\/schema\/logo\/image\/","url":"https:\/\/2026.stilanddesign.se\/wp-content\/uploads\/2023\/12\/output-onlinepngtools-e1727784413220.png","contentUrl":"https:\/\/2026.stilanddesign.se\/wp-content\/uploads\/2023\/12\/output-onlinepngtools-e1727784413220.png","width":519,"height":135,"caption":"Stil &amp; Design"},"image":{"@id":"https:\/\/2026.stilanddesign.se\/#\/schema\/logo\/image\/"}}]},"og_availability":"out of stock","product_availability":"out of stock","product_retailer_item_id":"tia Ljusgr\u00e5","product_condition":"new"},"_links":{"self":[{"href":"https:\/\/2026.stilanddesign.se\/en\/wp-json\/wp\/v2\/product\/1002062","targetHints":{"allow":["GET"]}}],"collection":[{"href":"https:\/\/2026.stilanddesign.se\/en\/wp-json\/wp\/v2\/product"}],"about":[{"href":"https:\/\/2026.stilanddesign.se\/en\/wp-json\/wp\/v2\/types\/product"}],"replies":[{"embeddable":true,"href":"https:\/\/2026.stilanddesign.se\/en\/wp-json\/wp\/v2\/comments?post=1002062"}],"wp:featuredmedia":[{"embeddable":true,"href":"https:\/\/2026.stilanddesign.se\/en\/wp-json\/wp\/v2\/media\/1002104"}],"wp:attachment":[{"href":"https:\/\/2026.stilanddesign.se\/en\/wp-json\/wp\/v2\/media?parent=1002062"}],"wp:term":[{"taxonomy":"product_brand","embeddable":true,"href":"https:\/\/2026.stilanddesign.se\/en\/wp-json\/wp\/v2\/product_brand?post=1002062"},{"taxonomy":"product_cat","embeddable":true,"href":"https:\/\/2026.stilanddesign.se\/en\/wp-json\/wp\/v2\/product_cat?post=1002062"},{"taxonomy":"product_tag","embeddable":true,"href":"https:\/\/2026.stilanddesign.se\/en\/wp-json\/wp\/v2\/product_tag?post=1002062"}],"curies":[{"name":"wp","href":"https:\/\/api.w.org\/{rel}","templated":true}]}}