{"id":1057781,"date":"2026-01-07T10:48:29","date_gmt":"2026-01-07T09:48:29","guid":{"rendered":"https:\/\/2026.stilanddesign.se\/?post_type=product&#038;p=1057781"},"modified":"2026-01-12T14:35:53","modified_gmt":"2026-01-12T13:35:53","slug":"svarta-jeans-fran-caramell-fashion-raka-ben-%f0%9f%91%96%f0%9f%96%a4","status":"publish","type":"product","link":"https:\/\/2026.stilanddesign.se\/en\/product\/svarta-jeans-fran-caramell-fashion-raka-ben-%f0%9f%91%96%f0%9f%96%a4\/","title":{"rendered":"Black jeans from Caramell Fashion \u2013 straight legs \ud83d\udc56\ud83d\udda4"},"content":{"rendered":"<p data-start=\"0\" data-end=\"54\"><strong data-start=\"0\" data-end=\"54\">Black jeans from Caramell Fashion \u2013 straight legs \ud83d\udc56\ud83d\udda4<\/strong><\/p>\n<p data-start=\"56\" data-end=\"282\">Stylish black jeans in a classic 5-pocket model from <strong data-start=\"106\" data-end=\"126\">Caramell Fashion<\/strong> \u2013 a real wardrobe must-have! The straight legs create a timeless and flattering silhouette, and the soft stretch quality makes them comfortable to wear all day long \u2728<\/p>\n<ul data-start=\"284\" data-end=\"440\">\n<li data-start=\"284\" data-end=\"333\">\n<p data-start=\"286\" data-end=\"333\">Black denim \u2013 perfect for both everyday and party wear<\/p>\n<\/li>\n<li data-start=\"334\" data-end=\"351\">\n<p data-start=\"336\" data-end=\"351\">5-pocket model<\/p>\n<\/li>\n<li data-start=\"352\" data-end=\"382\">\n<p data-start=\"354\" data-end=\"382\">Straight legs, stylish fit<\/p>\n<\/li>\n<li data-start=\"383\" data-end=\"399\">\n<p data-start=\"385\" data-end=\"399\">Normal waist<\/p>\n<\/li>\n<li data-start=\"400\" data-end=\"440\">\n<p data-start=\"402\" data-end=\"440\">Comfortable stretch that follows the figure \ud83d\ude4c<\/p>\n<\/li>\n<\/ul>\n<p data-start=\"442\" data-end=\"518\"><strong data-start=\"442\" data-end=\"455\">Material:<\/strong> 70% cotton, 28% polyester, 2% elastane<br data-start=\"493\" data-end=\"496\" \/><strong data-start=\"496\" data-end=\"510\">Sizes:<\/strong> 34\u201342<\/p>\n<p data-start=\"520\" data-end=\"641\" data-is-last-node=\"\" data-is-only-node=\"\">Combine with sneakers and a knitted sweater for a casual look, or with a blouse and heels for a more dressed-up style \ud83d\udc83\ud83d\udda4<\/p>","protected":false},"excerpt":{"rendered":"<p data-start=\"0\" data-end=\"54\"><strong data-start=\"0\" data-end=\"54\">Black jeans from Caramell Fashion \u2013 straight legs \ud83d\udc56\ud83d\udda4<\/strong><\/p>\n<p data-start=\"56\" data-end=\"282\">Stylish black jeans in a classic 5-pocket model from <strong data-start=\"106\" data-end=\"126\">Caramell Fashion<\/strong> \u2013 a real wardrobe must-have! The straight legs create a timeless and flattering silhouette, and the soft stretch quality makes them comfortable to wear all day long \u2728<\/p>\n<ul data-start=\"284\" data-end=\"440\">\n<li data-start=\"284\" data-end=\"333\">\n<p data-start=\"286\" data-end=\"333\">Black denim \u2013 perfect for both everyday and party wear<\/p>\n<\/li>\n<li data-start=\"334\" data-end=\"351\">\n<p data-start=\"336\" data-end=\"351\">5-pocket model<\/p>\n<\/li>\n<li data-start=\"352\" data-end=\"382\">\n<p data-start=\"354\" data-end=\"382\">Straight legs, stylish fit<\/p>\n<\/li>\n<li data-start=\"383\" data-end=\"399\">\n<p data-start=\"385\" data-end=\"399\">Normal waist<\/p>\n<\/li>\n<li data-start=\"400\" data-end=\"440\">\n<p data-start=\"402\" data-end=\"440\">Comfortable stretch that follows the figure \ud83d\ude4c<\/p>\n<\/li>\n<\/ul>\n<p data-start=\"442\" data-end=\"518\"><strong data-start=\"442\" data-end=\"455\">Material:<\/strong> 70% cotton, 28% polyester, 2% elastane<br data-start=\"493\" data-end=\"496\" \/><strong data-start=\"496\" data-end=\"510\">Sizes:<\/strong> 34\u201342<\/p>\n<p data-start=\"520\" data-end=\"641\" data-is-last-node=\"\" data-is-only-node=\"\">Combine with sneakers and a knitted sweater for a casual look, or with a blouse and heels for a more dressed-up style \ud83d\udc83\ud83d\udda4<\/p>","protected":false},"featured_media":1057777,"comment_status":"closed","ping_status":"closed","template":"","meta":[],"product_brand":[],"product_cat":[209],"product_tag":[],"class_list":["post-1057781","product","type-product","status-publish","has-post-thumbnail","product_cat-reaprodukter","first","outofstock","taxable","shipping-taxable","product-type-variable"],"yoast_head":"<!-- This site is optimized with the Yoast SEO Premium plugin v27.9 (Yoast SEO v28.4) - https:\/\/yoast.com\/product\/yoast-seo-premium-wordpress\/ -->\n<title>Svarta jeans fr\u00e5n Caramell Fashion \u2013 raka ben \ud83d\udc56\ud83d\udda4 - Stil &amp; Design<\/title>\n<meta name=\"robots\" content=\"noindex, follow, max-snippet:-1, max-image-preview:large, max-video-preview:-1\" \/>\n<meta property=\"og:locale\" content=\"en_US\" \/>\n<meta property=\"og:type\" content=\"article\" \/>\n<meta property=\"og:title\" content=\"Svarta jeans fr\u00e5n Caramell Fashion \u2013 raka ben \ud83d\udc56\ud83d\udda4\" \/>\n<meta property=\"og:description\" content=\"Svarta jeans fr\u00e5n Caramell Fashion \u2013 raka ben \ud83d\udc56\ud83d\udda4 Snygga svarta jeans i klassisk 5-ficksmodell fr\u00e5n Caramell Fashion \u2013 ett riktigt m\u00e5ste i garderoben! De raka benen ger en tidl\u00f6s och smickrande siluett, och den mjuka stretchkvaliteten g\u00f6r dem sk\u00f6na att b\u00e4ra hela dagen \u2728     Svart denim \u2013 perfekt till b\u00e5de vardag &amp; fest    5-ficksmodell    Raka ben, stilren passform    Normal midja    Bekv\u00e4m stretch som f\u00f6ljer figuren \ud83d\ude4c   Material: 70% bomull, 28% polyester, 2% elastanStorlekar: 34\u201342 Kombinera med sneakers och stickad tr\u00f6ja f\u00f6r en avslappnad look, eller med blus och klackar f\u00f6r en mer uppkl\u00e4dd stil \ud83d\udc83\ud83d\udda4\" \/>\n<meta property=\"og:url\" content=\"https:\/\/2026.stilanddesign.se\/en\/product\/svarta-jeans-fran-caramell-fashion-raka-ben-\ud83d\udc56\ud83d\udda4\/\" \/>\n<meta property=\"og:site_name\" content=\"Stil &amp; Design\" \/>\n<meta property=\"article:modified_time\" content=\"2026-01-12T13:35:53+00:00\" \/>\n<meta property=\"og:image\" content=\"https:\/\/2026.stilanddesign.se\/wp-content\/uploads\/2025\/12\/IMG_2288-scaled.jpeg\" \/>\n\t<meta property=\"og:image:width\" content=\"1604\" \/>\n\t<meta property=\"og:image:height\" content=\"2560\" \/>\n\t<meta property=\"og:image:type\" content=\"image\/jpeg\" \/>\n<meta name=\"twitter:card\" content=\"summary_large_image\" \/>\n<meta name=\"twitter:label1\" content=\"Availability\" \/>\n\t<meta name=\"twitter:data1\" content=\"Out of stock\" \/>\n<script type=\"application\/ld+json\" class=\"yoast-schema-graph\">{\"@context\":\"https:\\\/\\\/schema.org\",\"@graph\":[{\"@type\":\"WebPage\",\"@id\":\"https:\\\/\\\/2026.stilanddesign.se\\\/produkt\\\/svarta-jeans-fran-caramell-fashion-raka-ben-%f0%9f%91%96%f0%9f%96%a4\\\/\",\"url\":\"https:\\\/\\\/2026.stilanddesign.se\\\/produkt\\\/svarta-jeans-fran-caramell-fashion-raka-ben-%f0%9f%91%96%f0%9f%96%a4\\\/\",\"name\":\"Svarta jeans fr\u00e5n Caramell Fashion \u2013 raka ben \ud83d\udc56\ud83d\udda4 - Stil &amp; Design\",\"isPartOf\":{\"@id\":\"https:\\\/\\\/2026.stilanddesign.se\\\/#website\"},\"primaryImageOfPage\":{\"@id\":\"https:\\\/\\\/2026.stilanddesign.se\\\/produkt\\\/svarta-jeans-fran-caramell-fashion-raka-ben-%f0%9f%91%96%f0%9f%96%a4\\\/#primaryimage\"},\"image\":{\"@id\":\"https:\\\/\\\/2026.stilanddesign.se\\\/produkt\\\/svarta-jeans-fran-caramell-fashion-raka-ben-%f0%9f%91%96%f0%9f%96%a4\\\/#primaryimage\"},\"thumbnailUrl\":\"https:\\\/\\\/2026.stilanddesign.se\\\/wp-content\\\/uploads\\\/2025\\\/12\\\/IMG_2288-scaled.jpeg\",\"datePublished\":\"2026-01-07T09:48:29+00:00\",\"dateModified\":\"2026-01-12T13:35:53+00:00\",\"breadcrumb\":{\"@id\":\"https:\\\/\\\/2026.stilanddesign.se\\\/produkt\\\/svarta-jeans-fran-caramell-fashion-raka-ben-%f0%9f%91%96%f0%9f%96%a4\\\/#breadcrumb\"},\"inLanguage\":\"en-US\",\"potentialAction\":[{\"@type\":\"ReadAction\",\"target\":[\"https:\\\/\\\/2026.stilanddesign.se\\\/produkt\\\/svarta-jeans-fran-caramell-fashion-raka-ben-%f0%9f%91%96%f0%9f%96%a4\\\/\"]}]},{\"@type\":\"ImageObject\",\"inLanguage\":\"en-US\",\"@id\":\"https:\\\/\\\/2026.stilanddesign.se\\\/produkt\\\/svarta-jeans-fran-caramell-fashion-raka-ben-%f0%9f%91%96%f0%9f%96%a4\\\/#primaryimage\",\"url\":\"https:\\\/\\\/2026.stilanddesign.se\\\/wp-content\\\/uploads\\\/2025\\\/12\\\/IMG_2288-scaled.jpeg\",\"contentUrl\":\"https:\\\/\\\/2026.stilanddesign.se\\\/wp-content\\\/uploads\\\/2025\\\/12\\\/IMG_2288-scaled.jpeg\",\"width\":1604,\"height\":2560},{\"@type\":\"BreadcrumbList\",\"@id\":\"https:\\\/\\\/2026.stilanddesign.se\\\/produkt\\\/svarta-jeans-fran-caramell-fashion-raka-ben-%f0%9f%91%96%f0%9f%96%a4\\\/#breadcrumb\",\"itemListElement\":[{\"@type\":\"ListItem\",\"position\":1,\"name\":\"Hem\",\"item\":\"https:\\\/\\\/2026.stilanddesign.se\\\/\"},{\"@type\":\"ListItem\",\"position\":2,\"name\":\"Butiken\",\"item\":\"https:\\\/\\\/2026.stilanddesign.se\\\/butiken\\\/\"},{\"@type\":\"ListItem\",\"position\":3,\"name\":\"Svarta jeans fr\u00e5n Caramell Fashion \u2013 raka ben \ud83d\udc56\ud83d\udda4\"}]},{\"@type\":\"WebSite\",\"@id\":\"https:\\\/\\\/2026.stilanddesign.se\\\/#website\",\"url\":\"https:\\\/\\\/2026.stilanddesign.se\\\/\",\"name\":\"Stil &amp; Design\",\"description\":\"F\u00f6r oss som \u00e4lskar mode!\",\"publisher\":{\"@id\":\"https:\\\/\\\/2026.stilanddesign.se\\\/#organization\"},\"potentialAction\":[{\"@type\":\"SearchAction\",\"target\":{\"@type\":\"EntryPoint\",\"urlTemplate\":\"https:\\\/\\\/2026.stilanddesign.se\\\/?s={search_term_string}\"},\"query-input\":{\"@type\":\"PropertyValueSpecification\",\"valueRequired\":true,\"valueName\":\"search_term_string\"}}],\"inLanguage\":\"en-US\"},{\"@type\":\"Organization\",\"@id\":\"https:\\\/\\\/2026.stilanddesign.se\\\/#organization\",\"name\":\"Stil &amp; Design\",\"url\":\"https:\\\/\\\/2026.stilanddesign.se\\\/\",\"logo\":{\"@type\":\"ImageObject\",\"inLanguage\":\"en-US\",\"@id\":\"https:\\\/\\\/2026.stilanddesign.se\\\/#\\\/schema\\\/logo\\\/image\\\/\",\"url\":\"https:\\\/\\\/2026.stilanddesign.se\\\/wp-content\\\/uploads\\\/2023\\\/12\\\/output-onlinepngtools-e1727784413220.png\",\"contentUrl\":\"https:\\\/\\\/2026.stilanddesign.se\\\/wp-content\\\/uploads\\\/2023\\\/12\\\/output-onlinepngtools-e1727784413220.png\",\"width\":519,\"height\":135,\"caption\":\"Stil &amp; Design\"},\"image\":{\"@id\":\"https:\\\/\\\/2026.stilanddesign.se\\\/#\\\/schema\\\/logo\\\/image\\\/\"}}]}<\/script>\n<meta property=\"og:availability\" content=\"out of stock\" \/>\n<meta property=\"product:availability\" content=\"out of stock\" \/>\n<meta property=\"product:retailer_item_id\" content=\"Y6189A\" \/>\n<meta property=\"product:condition\" content=\"new\" \/>\n<!-- \/ Yoast SEO Premium plugin. -->","yoast_head_json":{"title":"Svarta jeans fr\u00e5n Caramell Fashion \u2013 raka ben \ud83d\udc56\ud83d\udda4 - Stil &amp; Design","robots":{"index":"noindex","follow":"follow","max-snippet":"max-snippet:-1","max-image-preview":"max-image-preview:large","max-video-preview":"max-video-preview:-1"},"og_locale":"en_US","og_type":"article","og_title":"Svarta jeans fr\u00e5n Caramell Fashion \u2013 raka ben \ud83d\udc56\ud83d\udda4","og_description":"Svarta jeans fr\u00e5n Caramell Fashion \u2013 raka ben \ud83d\udc56\ud83d\udda4 Snygga svarta jeans i klassisk 5-ficksmodell fr\u00e5n Caramell Fashion \u2013 ett riktigt m\u00e5ste i garderoben! De raka benen ger en tidl\u00f6s och smickrande siluett, och den mjuka stretchkvaliteten g\u00f6r dem sk\u00f6na att b\u00e4ra hela dagen \u2728     Svart denim \u2013 perfekt till b\u00e5de vardag &amp; fest    5-ficksmodell    Raka ben, stilren passform    Normal midja    Bekv\u00e4m stretch som f\u00f6ljer figuren \ud83d\ude4c   Material: 70% bomull, 28% polyester, 2% elastanStorlekar: 34\u201342 Kombinera med sneakers och stickad tr\u00f6ja f\u00f6r en avslappnad look, eller med blus och klackar f\u00f6r en mer uppkl\u00e4dd stil \ud83d\udc83\ud83d\udda4","og_url":"https:\/\/2026.stilanddesign.se\/en\/product\/svarta-jeans-fran-caramell-fashion-raka-ben-\ud83d\udc56\ud83d\udda4\/","og_site_name":"Stil &amp; Design","article_modified_time":"2026-01-12T13:35:53+00:00","og_image":[{"width":1604,"height":2560,"url":"https:\/\/2026.stilanddesign.se\/wp-content\/uploads\/2025\/12\/IMG_2288-scaled.jpeg","type":"image\/jpeg"}],"twitter_card":"summary_large_image","twitter_misc":{"Availability":"Out of stock"},"schema":{"@context":"https:\/\/schema.org","@graph":[{"@type":"WebPage","@id":"https:\/\/2026.stilanddesign.se\/produkt\/svarta-jeans-fran-caramell-fashion-raka-ben-%f0%9f%91%96%f0%9f%96%a4\/","url":"https:\/\/2026.stilanddesign.se\/produkt\/svarta-jeans-fran-caramell-fashion-raka-ben-%f0%9f%91%96%f0%9f%96%a4\/","name":"Svarta jeans fr\u00e5n Caramell Fashion \u2013 raka ben \ud83d\udc56\ud83d\udda4 - Stil &amp; Design","isPartOf":{"@id":"https:\/\/2026.stilanddesign.se\/#website"},"primaryImageOfPage":{"@id":"https:\/\/2026.stilanddesign.se\/produkt\/svarta-jeans-fran-caramell-fashion-raka-ben-%f0%9f%91%96%f0%9f%96%a4\/#primaryimage"},"image":{"@id":"https:\/\/2026.stilanddesign.se\/produkt\/svarta-jeans-fran-caramell-fashion-raka-ben-%f0%9f%91%96%f0%9f%96%a4\/#primaryimage"},"thumbnailUrl":"https:\/\/2026.stilanddesign.se\/wp-content\/uploads\/2025\/12\/IMG_2288-scaled.jpeg","datePublished":"2026-01-07T09:48:29+00:00","dateModified":"2026-01-12T13:35:53+00:00","breadcrumb":{"@id":"https:\/\/2026.stilanddesign.se\/produkt\/svarta-jeans-fran-caramell-fashion-raka-ben-%f0%9f%91%96%f0%9f%96%a4\/#breadcrumb"},"inLanguage":"en-US","potentialAction":[{"@type":"ReadAction","target":["https:\/\/2026.stilanddesign.se\/produkt\/svarta-jeans-fran-caramell-fashion-raka-ben-%f0%9f%91%96%f0%9f%96%a4\/"]}]},{"@type":"ImageObject","inLanguage":"en-US","@id":"https:\/\/2026.stilanddesign.se\/produkt\/svarta-jeans-fran-caramell-fashion-raka-ben-%f0%9f%91%96%f0%9f%96%a4\/#primaryimage","url":"https:\/\/2026.stilanddesign.se\/wp-content\/uploads\/2025\/12\/IMG_2288-scaled.jpeg","contentUrl":"https:\/\/2026.stilanddesign.se\/wp-content\/uploads\/2025\/12\/IMG_2288-scaled.jpeg","width":1604,"height":2560},{"@type":"BreadcrumbList","@id":"https:\/\/2026.stilanddesign.se\/produkt\/svarta-jeans-fran-caramell-fashion-raka-ben-%f0%9f%91%96%f0%9f%96%a4\/#breadcrumb","itemListElement":[{"@type":"ListItem","position":1,"name":"Hem","item":"https:\/\/2026.stilanddesign.se\/"},{"@type":"ListItem","position":2,"name":"Butiken","item":"https:\/\/2026.stilanddesign.se\/butiken\/"},{"@type":"ListItem","position":3,"name":"Svarta jeans fr\u00e5n Caramell Fashion \u2013 raka ben \ud83d\udc56\ud83d\udda4"}]},{"@type":"WebSite","@id":"https:\/\/2026.stilanddesign.se\/#website","url":"https:\/\/2026.stilanddesign.se\/","name":"Style &amp; Design","description":"For those of us who love fashion!","publisher":{"@id":"https:\/\/2026.stilanddesign.se\/#organization"},"potentialAction":[{"@type":"SearchAction","target":{"@type":"EntryPoint","urlTemplate":"https:\/\/2026.stilanddesign.se\/?s={search_term_string}"},"query-input":{"@type":"PropertyValueSpecification","valueRequired":true,"valueName":"search_term_string"}}],"inLanguage":"en-US"},{"@type":"Organization","@id":"https:\/\/2026.stilanddesign.se\/#organization","name":"Style &amp; Design","url":"https:\/\/2026.stilanddesign.se\/","logo":{"@type":"ImageObject","inLanguage":"en-US","@id":"https:\/\/2026.stilanddesign.se\/#\/schema\/logo\/image\/","url":"https:\/\/2026.stilanddesign.se\/wp-content\/uploads\/2023\/12\/output-onlinepngtools-e1727784413220.png","contentUrl":"https:\/\/2026.stilanddesign.se\/wp-content\/uploads\/2023\/12\/output-onlinepngtools-e1727784413220.png","width":519,"height":135,"caption":"Stil &amp; Design"},"image":{"@id":"https:\/\/2026.stilanddesign.se\/#\/schema\/logo\/image\/"}}]},"og_availability":"out of stock","product_availability":"out of stock","product_retailer_item_id":"Y6189A","product_condition":"new"},"_links":{"self":[{"href":"https:\/\/2026.stilanddesign.se\/en\/wp-json\/wp\/v2\/product\/1057781","targetHints":{"allow":["GET"]}}],"collection":[{"href":"https:\/\/2026.stilanddesign.se\/en\/wp-json\/wp\/v2\/product"}],"about":[{"href":"https:\/\/2026.stilanddesign.se\/en\/wp-json\/wp\/v2\/types\/product"}],"replies":[{"embeddable":true,"href":"https:\/\/2026.stilanddesign.se\/en\/wp-json\/wp\/v2\/comments?post=1057781"}],"wp:featuredmedia":[{"embeddable":true,"href":"https:\/\/2026.stilanddesign.se\/en\/wp-json\/wp\/v2\/media\/1057777"}],"wp:attachment":[{"href":"https:\/\/2026.stilanddesign.se\/en\/wp-json\/wp\/v2\/media?parent=1057781"}],"wp:term":[{"taxonomy":"product_brand","embeddable":true,"href":"https:\/\/2026.stilanddesign.se\/en\/wp-json\/wp\/v2\/product_brand?post=1057781"},{"taxonomy":"product_cat","embeddable":true,"href":"https:\/\/2026.stilanddesign.se\/en\/wp-json\/wp\/v2\/product_cat?post=1057781"},{"taxonomy":"product_tag","embeddable":true,"href":"https:\/\/2026.stilanddesign.se\/en\/wp-json\/wp\/v2\/product_tag?post=1057781"}],"curies":[{"name":"wp","href":"https:\/\/api.w.org\/{rel}","templated":true}]}}