{"id":1087177,"date":"2026-08-06T10:10:15","date_gmt":"2026-08-06T08:10:15","guid":{"rendered":"https:\/\/2026.stilanddesign.se\/?post_type=product&#038;p=1087177"},"modified":"2026-08-19T12:35:19","modified_gmt":"2026-08-19T10:35:19","slug":"%f0%9f%a4%8e-brunmonstrad-sjal-elegant-och-lattmatchad-%e2%9c%a8","status":"publish","type":"product","link":"https:\/\/2026.stilanddesign.se\/en\/product\/%f0%9f%a4%8e-brunmonstrad-sjal-elegant-och-lattmatchad-%e2%9c%a8\/","title":{"rendered":"\ud83e\udd0e Brown patterned shawl \u2013 elegant and easy to match \u2728"},"content":{"rendered":"<p class=\"isSelectedEnd\">\ud83e\udd0e <strong>Brown patterned shawl \u2013 elegant and easy to match<\/strong> \u2728<\/p>\n<p class=\"isSelectedEnd\">A beautiful shawl in warm brown shades with a stylish mix of decorative patterns. The soft and supple quality makes the shawl comfortable to wear and easy to style in many different ways.<\/p>\n<p class=\"isSelectedEnd\">\ud83c\udf3f Soft and supple quality<br \/>\n\ud83e\udd0e Beautiful brown patterned design<br \/>\n\u2728 Timeless and elegant accessory<br \/>\n\ud83d\udc4c Easy to wear around the neck or over the shoulders<br \/>\n\ud83d\udcab Enhances both everyday and party looks<br \/>\n\ud83c\udf81 Perfect as a gift or a treat for yourself<\/p>\n<p class=\"isSelectedEnd\">\ud83e\uddf5 <strong>Material:<\/strong> 90% viscose, 10% polyester<\/p>\n<p class=\"isSelectedEnd\">\ud83e\uddfa <strong>Washing instructions:<\/strong> Machine wash 30\u00b0C<\/p>\n<p>\ud83d\udc5a <strong>Styling tips:<\/strong> Match the scarf with a solid-colored top, knitted sweater or blazer to let the beautiful pattern take center stage.<\/p>\n<p>NO EXCHANGE, NO RETURN on the scarf<\/p>","protected":false},"excerpt":{"rendered":"<div class=\"\" data-turn-id-container=\"9ae9f5a4-6de3-4491-8883-3273cacf4404\" data-is-intersecting=\"true\">\n<div class=\"relative w-full overflow-visible\">\n<section class=\"text-token-text-primary w-full focus:outline-none [--shadow-height:45px] has-data-writing-block:pointer-events-none has-data-writing-block:-mt-(--shadow-height) has-data-writing-block:pt-(--shadow-height) [&amp;:has([data-writing-block])&gt;*]:pointer-events-auto R6Vx5W_threadScrollVars scroll-mb-[calc(var(--scroll-root-safe-area-inset-bottom,0px)+var(--thread-response-height))] scroll-mt-(--header-height)\" dir=\"auto\" data-turn-id=\"9ae9f5a4-6de3-4491-8883-3273cacf4404\" data-turn-id-container=\"9ae9f5a4-6de3-4491-8883-3273cacf4404\" data-testid=\"conversation-turn-701\" data-scroll-anchor=\"false\" data-turn=\"user\"><\/section>\n<div class=\"contents\">\n<p class=\"isSelectedEnd\">\ud83e\udd0e <strong>Brunm\u00f6nstrad sjal \u2013 elegant och l\u00e4ttmatchad<\/strong> \u2728<\/p>\n<p class=\"isSelectedEnd\">En vacker sjal i varma bruna nyanser med en stilfull mix av dekorativa m\u00f6nster. Den mjuka och f\u00f6ljsamma kvaliteten g\u00f6r sjalen behaglig att b\u00e4ra och enkel att styla p\u00e5 flera olika s\u00e4tt.<\/p>\n<p class=\"isSelectedEnd\">\ud83c\udf3f Mjuk och f\u00f6ljsam kvalitet<br \/>\n\ud83e\udd0e Vackert brunm\u00f6nstrad design<br \/>\n\u2728 Tidl\u00f6s och elegant accessoar<br \/>\n\ud83d\udc4c L\u00e4tt att b\u00e4ra runt halsen eller \u00f6ver axlarna<br \/>\n\ud83d\udcab Lyfter b\u00e5de vardags- och festlooken<br \/>\n\ud83c\udf81 Perfekt som present eller g\u00e5va till dig sj\u00e4lv<\/p>\n<p class=\"isSelectedEnd\">\ud83e\uddf5 <strong>Material:<\/strong> 90% viskos, 10% polyester<\/p>\n<p class=\"isSelectedEnd\">\ud83e\uddfa <strong>Tv\u00e4ttr\u00e5d:<\/strong> Maskintv\u00e4tt 30 \u00b0C<\/p>\n<p>\ud83d\udc5a <strong>Stylingtips:<\/strong> Matcha sjalen med en enf\u00e4rgad topp, stickad tr\u00f6ja eller kavaj f\u00f6r att l\u00e5ta det vackra m\u00f6nstret st\u00e5 i fokus.<\/p>\n<p>EJ BYTE,RETURR\u00c4TT p\u00e5 sjalen<\/p>\n<\/div>\n<\/div>\n<\/div>\n","protected":false},"featured_media":1087173,"comment_status":"closed","ping_status":"closed","template":"","meta":[],"product_brand":[],"product_cat":[207],"product_tag":[],"class_list":["post-1087177","product","type-product","status-publish","has-post-thumbnail","product_cat-sjalar","first","instock","taxable","shipping-taxable","purchasable","product-type-variable"],"yoast_head":"<!-- This site is optimized with the Yoast SEO Premium plugin v27.9 (Yoast SEO v28.4) - https:\/\/yoast.com\/product\/yoast-seo-premium-wordpress\/ -->\n<title>\ud83e\udd0e Brunm\u00f6nstrad sjal \u2013 elegant och l\u00e4ttmatchad \u2728 - Stil &amp; Design<\/title>\n<meta name=\"robots\" content=\"noindex, follow, max-snippet:-1, max-image-preview:large, max-video-preview:-1\" \/>\n<meta property=\"og:locale\" content=\"en_US\" \/>\n<meta property=\"og:type\" content=\"article\" \/>\n<meta property=\"og:title\" content=\"\ud83e\udd0e Brunm\u00f6nstrad sjal \u2013 elegant och l\u00e4ttmatchad \u2728\" \/>\n<meta property=\"og:description\" content=\"\ud83e\udd0e Brunm\u00f6nstrad sjal \u2013 elegant och l\u00e4ttmatchad \u2728 En vacker sjal i varma bruna nyanser med en stilfull mix av dekorativa m\u00f6nster. Den mjuka och f\u00f6ljsamma kvaliteten g\u00f6r sjalen behaglig att b\u00e4ra och enkel att styla p\u00e5 flera olika s\u00e4tt. \ud83c\udf3f Mjuk och f\u00f6ljsam kvalitet \ud83e\udd0e Vackert brunm\u00f6nstrad design \u2728 Tidl\u00f6s och elegant accessoar \ud83d\udc4c L\u00e4tt att b\u00e4ra runt halsen eller \u00f6ver axlarna \ud83d\udcab Lyfter b\u00e5de vardags- och festlooken \ud83c\udf81 Perfekt som present eller g\u00e5va till dig sj\u00e4lv \ud83e\uddf5 Material: 90% viskos, 10% polyester \ud83e\uddfa Tv\u00e4ttr\u00e5d: Maskintv\u00e4tt 30 \u00b0C \ud83d\udc5a Stylingtips: Matcha sjalen med en enf\u00e4rgad topp, stickad tr\u00f6ja eller kavaj f\u00f6r att l\u00e5ta det vackra m\u00f6nstret st\u00e5 i fokus.  EJ BYTE,RETURR\u00c4TT p\u00e5 sjalen\" \/>\n<meta property=\"og:url\" content=\"https:\/\/2026.stilanddesign.se\/en\/product\/\ud83e\udd0e-brunmonstrad-sjal-elegant-och-lattmatchad-\u2728\/\" \/>\n<meta property=\"og:site_name\" content=\"Stil &amp; Design\" \/>\n<meta property=\"article:modified_time\" content=\"2026-08-19T10:35:19+00:00\" \/>\n<meta name=\"twitter:card\" content=\"summary_large_image\" \/>\n<meta name=\"twitter:label1\" content=\"Availability\" \/>\n\t<meta name=\"twitter:data1\" content=\"In stock\" \/>\n<script type=\"application\/ld+json\" class=\"yoast-schema-graph\">{\"@context\":\"https:\\\/\\\/schema.org\",\"@graph\":[{\"@type\":\"WebPage\",\"@id\":\"https:\\\/\\\/2026.stilanddesign.se\\\/produkt\\\/%f0%9f%a4%8e-brunmonstrad-sjal-elegant-och-lattmatchad-%e2%9c%a8\\\/\",\"url\":\"https:\\\/\\\/2026.stilanddesign.se\\\/produkt\\\/%f0%9f%a4%8e-brunmonstrad-sjal-elegant-och-lattmatchad-%e2%9c%a8\\\/\",\"name\":\"\ud83e\udd0e Brunm\u00f6nstrad sjal \u2013 elegant och l\u00e4ttmatchad \u2728 - Stil &amp; Design\",\"isPartOf\":{\"@id\":\"https:\\\/\\\/2026.stilanddesign.se\\\/#website\"},\"primaryImageOfPage\":{\"@id\":\"https:\\\/\\\/2026.stilanddesign.se\\\/produkt\\\/%f0%9f%a4%8e-brunmonstrad-sjal-elegant-och-lattmatchad-%e2%9c%a8\\\/#primaryimage\"},\"image\":{\"@id\":\"https:\\\/\\\/2026.stilanddesign.se\\\/produkt\\\/%f0%9f%a4%8e-brunmonstrad-sjal-elegant-och-lattmatchad-%e2%9c%a8\\\/#primaryimage\"},\"thumbnailUrl\":\"https:\\\/\\\/2026.stilanddesign.se\\\/wp-content\\\/uploads\\\/2026\\\/08\\\/8585856444.avif\",\"datePublished\":\"2026-08-06T08:10:15+00:00\",\"dateModified\":\"2026-08-19T10:35:19+00:00\",\"breadcrumb\":{\"@id\":\"https:\\\/\\\/2026.stilanddesign.se\\\/produkt\\\/%f0%9f%a4%8e-brunmonstrad-sjal-elegant-och-lattmatchad-%e2%9c%a8\\\/#breadcrumb\"},\"inLanguage\":\"en-US\",\"potentialAction\":[{\"@type\":\"ReadAction\",\"target\":[\"https:\\\/\\\/2026.stilanddesign.se\\\/produkt\\\/%f0%9f%a4%8e-brunmonstrad-sjal-elegant-och-lattmatchad-%e2%9c%a8\\\/\"]}]},{\"@type\":\"ImageObject\",\"inLanguage\":\"en-US\",\"@id\":\"https:\\\/\\\/2026.stilanddesign.se\\\/produkt\\\/%f0%9f%a4%8e-brunmonstrad-sjal-elegant-och-lattmatchad-%e2%9c%a8\\\/#primaryimage\",\"url\":\"https:\\\/\\\/2026.stilanddesign.se\\\/wp-content\\\/uploads\\\/2026\\\/08\\\/8585856444.avif\",\"contentUrl\":\"https:\\\/\\\/2026.stilanddesign.se\\\/wp-content\\\/uploads\\\/2026\\\/08\\\/8585856444.avif\",\"width\":1440,\"height\":1440,\"caption\":\"Fin brunm\u00f6nstrad sjal\"},{\"@type\":\"BreadcrumbList\",\"@id\":\"https:\\\/\\\/2026.stilanddesign.se\\\/produkt\\\/%f0%9f%a4%8e-brunmonstrad-sjal-elegant-och-lattmatchad-%e2%9c%a8\\\/#breadcrumb\",\"itemListElement\":[{\"@type\":\"ListItem\",\"position\":1,\"name\":\"Hem\",\"item\":\"https:\\\/\\\/2026.stilanddesign.se\\\/\"},{\"@type\":\"ListItem\",\"position\":2,\"name\":\"Butiken\",\"item\":\"https:\\\/\\\/2026.stilanddesign.se\\\/butiken\\\/\"},{\"@type\":\"ListItem\",\"position\":3,\"name\":\"\ud83e\udd0e Brunm\u00f6nstrad sjal \u2013 elegant och l\u00e4ttmatchad \u2728\"}]},{\"@type\":\"WebSite\",\"@id\":\"https:\\\/\\\/2026.stilanddesign.se\\\/#website\",\"url\":\"https:\\\/\\\/2026.stilanddesign.se\\\/\",\"name\":\"Stil &amp; Design\",\"description\":\"F\u00f6r oss som \u00e4lskar mode!\",\"publisher\":{\"@id\":\"https:\\\/\\\/2026.stilanddesign.se\\\/#organization\"},\"potentialAction\":[{\"@type\":\"SearchAction\",\"target\":{\"@type\":\"EntryPoint\",\"urlTemplate\":\"https:\\\/\\\/2026.stilanddesign.se\\\/?s={search_term_string}\"},\"query-input\":{\"@type\":\"PropertyValueSpecification\",\"valueRequired\":true,\"valueName\":\"search_term_string\"}}],\"inLanguage\":\"en-US\"},{\"@type\":\"Organization\",\"@id\":\"https:\\\/\\\/2026.stilanddesign.se\\\/#organization\",\"name\":\"Stil &amp; Design\",\"url\":\"https:\\\/\\\/2026.stilanddesign.se\\\/\",\"logo\":{\"@type\":\"ImageObject\",\"inLanguage\":\"en-US\",\"@id\":\"https:\\\/\\\/2026.stilanddesign.se\\\/#\\\/schema\\\/logo\\\/image\\\/\",\"url\":\"https:\\\/\\\/2026.stilanddesign.se\\\/wp-content\\\/uploads\\\/2023\\\/12\\\/output-onlinepngtools-e1727784413220.png\",\"contentUrl\":\"https:\\\/\\\/2026.stilanddesign.se\\\/wp-content\\\/uploads\\\/2023\\\/12\\\/output-onlinepngtools-e1727784413220.png\",\"width\":519,\"height\":135,\"caption\":\"Stil &amp; Design\"},\"image\":{\"@id\":\"https:\\\/\\\/2026.stilanddesign.se\\\/#\\\/schema\\\/logo\\\/image\\\/\"}}]}<\/script>\n<meta property=\"og:availability\" content=\"instock\" \/>\n<meta property=\"product:availability\" content=\"instock\" \/>\n<meta property=\"product:retailer_item_id\" content=\"S580-23 brunm\u00f6nstrad\" \/>\n<meta property=\"product:condition\" content=\"new\" \/>\n<!-- \/ Yoast SEO Premium plugin. -->","yoast_head_json":{"title":"\ud83e\udd0e Brunm\u00f6nstrad sjal \u2013 elegant och l\u00e4ttmatchad \u2728 - Stil &amp; Design","robots":{"index":"noindex","follow":"follow","max-snippet":"max-snippet:-1","max-image-preview":"max-image-preview:large","max-video-preview":"max-video-preview:-1"},"og_locale":"en_US","og_type":"article","og_title":"\ud83e\udd0e Brunm\u00f6nstrad sjal \u2013 elegant och l\u00e4ttmatchad \u2728","og_description":"\ud83e\udd0e Brunm\u00f6nstrad sjal \u2013 elegant och l\u00e4ttmatchad \u2728 En vacker sjal i varma bruna nyanser med en stilfull mix av dekorativa m\u00f6nster. Den mjuka och f\u00f6ljsamma kvaliteten g\u00f6r sjalen behaglig att b\u00e4ra och enkel att styla p\u00e5 flera olika s\u00e4tt. \ud83c\udf3f Mjuk och f\u00f6ljsam kvalitet \ud83e\udd0e Vackert brunm\u00f6nstrad design \u2728 Tidl\u00f6s och elegant accessoar \ud83d\udc4c L\u00e4tt att b\u00e4ra runt halsen eller \u00f6ver axlarna \ud83d\udcab Lyfter b\u00e5de vardags- och festlooken \ud83c\udf81 Perfekt som present eller g\u00e5va till dig sj\u00e4lv \ud83e\uddf5 Material: 90% viskos, 10% polyester \ud83e\uddfa Tv\u00e4ttr\u00e5d: Maskintv\u00e4tt 30 \u00b0C \ud83d\udc5a Stylingtips: Matcha sjalen med en enf\u00e4rgad topp, stickad tr\u00f6ja eller kavaj f\u00f6r att l\u00e5ta det vackra m\u00f6nstret st\u00e5 i fokus.  EJ BYTE,RETURR\u00c4TT p\u00e5 sjalen","og_url":"https:\/\/2026.stilanddesign.se\/en\/product\/\ud83e\udd0e-brunmonstrad-sjal-elegant-och-lattmatchad-\u2728\/","og_site_name":"Stil &amp; Design","article_modified_time":"2026-08-19T10:35:19+00:00","twitter_card":"summary_large_image","twitter_misc":{"Availability":"In stock"},"schema":{"@context":"https:\/\/schema.org","@graph":[{"@type":"WebPage","@id":"https:\/\/2026.stilanddesign.se\/produkt\/%f0%9f%a4%8e-brunmonstrad-sjal-elegant-och-lattmatchad-%e2%9c%a8\/","url":"https:\/\/2026.stilanddesign.se\/produkt\/%f0%9f%a4%8e-brunmonstrad-sjal-elegant-och-lattmatchad-%e2%9c%a8\/","name":"\ud83e\udd0e Brunm\u00f6nstrad sjal \u2013 elegant och l\u00e4ttmatchad \u2728 - Stil &amp; Design","isPartOf":{"@id":"https:\/\/2026.stilanddesign.se\/#website"},"primaryImageOfPage":{"@id":"https:\/\/2026.stilanddesign.se\/produkt\/%f0%9f%a4%8e-brunmonstrad-sjal-elegant-och-lattmatchad-%e2%9c%a8\/#primaryimage"},"image":{"@id":"https:\/\/2026.stilanddesign.se\/produkt\/%f0%9f%a4%8e-brunmonstrad-sjal-elegant-och-lattmatchad-%e2%9c%a8\/#primaryimage"},"thumbnailUrl":"https:\/\/2026.stilanddesign.se\/wp-content\/uploads\/2026\/08\/8585856444.avif","datePublished":"2026-08-06T08:10:15+00:00","dateModified":"2026-08-19T10:35:19+00:00","breadcrumb":{"@id":"https:\/\/2026.stilanddesign.se\/produkt\/%f0%9f%a4%8e-brunmonstrad-sjal-elegant-och-lattmatchad-%e2%9c%a8\/#breadcrumb"},"inLanguage":"en-US","potentialAction":[{"@type":"ReadAction","target":["https:\/\/2026.stilanddesign.se\/produkt\/%f0%9f%a4%8e-brunmonstrad-sjal-elegant-och-lattmatchad-%e2%9c%a8\/"]}]},{"@type":"ImageObject","inLanguage":"en-US","@id":"https:\/\/2026.stilanddesign.se\/produkt\/%f0%9f%a4%8e-brunmonstrad-sjal-elegant-och-lattmatchad-%e2%9c%a8\/#primaryimage","url":"https:\/\/2026.stilanddesign.se\/wp-content\/uploads\/2026\/08\/8585856444.avif","contentUrl":"https:\/\/2026.stilanddesign.se\/wp-content\/uploads\/2026\/08\/8585856444.avif","width":1440,"height":1440,"caption":"Fin brunm\u00f6nstrad sjal"},{"@type":"BreadcrumbList","@id":"https:\/\/2026.stilanddesign.se\/produkt\/%f0%9f%a4%8e-brunmonstrad-sjal-elegant-och-lattmatchad-%e2%9c%a8\/#breadcrumb","itemListElement":[{"@type":"ListItem","position":1,"name":"Hem","item":"https:\/\/2026.stilanddesign.se\/"},{"@type":"ListItem","position":2,"name":"Butiken","item":"https:\/\/2026.stilanddesign.se\/butiken\/"},{"@type":"ListItem","position":3,"name":"\ud83e\udd0e Brunm\u00f6nstrad sjal \u2013 elegant och l\u00e4ttmatchad \u2728"}]},{"@type":"WebSite","@id":"https:\/\/2026.stilanddesign.se\/#website","url":"https:\/\/2026.stilanddesign.se\/","name":"Style &amp; Design","description":"For those of us who love fashion!","publisher":{"@id":"https:\/\/2026.stilanddesign.se\/#organization"},"potentialAction":[{"@type":"SearchAction","target":{"@type":"EntryPoint","urlTemplate":"https:\/\/2026.stilanddesign.se\/?s={search_term_string}"},"query-input":{"@type":"PropertyValueSpecification","valueRequired":true,"valueName":"search_term_string"}}],"inLanguage":"en-US"},{"@type":"Organization","@id":"https:\/\/2026.stilanddesign.se\/#organization","name":"Style &amp; Design","url":"https:\/\/2026.stilanddesign.se\/","logo":{"@type":"ImageObject","inLanguage":"en-US","@id":"https:\/\/2026.stilanddesign.se\/#\/schema\/logo\/image\/","url":"https:\/\/2026.stilanddesign.se\/wp-content\/uploads\/2023\/12\/output-onlinepngtools-e1727784413220.png","contentUrl":"https:\/\/2026.stilanddesign.se\/wp-content\/uploads\/2023\/12\/output-onlinepngtools-e1727784413220.png","width":519,"height":135,"caption":"Stil &amp; Design"},"image":{"@id":"https:\/\/2026.stilanddesign.se\/#\/schema\/logo\/image\/"}}]},"og_availability":"instock","product_availability":"instock","product_retailer_item_id":"S580-23 brunm\u00f6nstrad","product_condition":"new"},"_links":{"self":[{"href":"https:\/\/2026.stilanddesign.se\/en\/wp-json\/wp\/v2\/product\/1087177","targetHints":{"allow":["GET"]}}],"collection":[{"href":"https:\/\/2026.stilanddesign.se\/en\/wp-json\/wp\/v2\/product"}],"about":[{"href":"https:\/\/2026.stilanddesign.se\/en\/wp-json\/wp\/v2\/types\/product"}],"replies":[{"embeddable":true,"href":"https:\/\/2026.stilanddesign.se\/en\/wp-json\/wp\/v2\/comments?post=1087177"}],"wp:featuredmedia":[{"embeddable":true,"href":"https:\/\/2026.stilanddesign.se\/en\/wp-json\/wp\/v2\/media\/1087173"}],"wp:attachment":[{"href":"https:\/\/2026.stilanddesign.se\/en\/wp-json\/wp\/v2\/media?parent=1087177"}],"wp:term":[{"taxonomy":"product_brand","embeddable":true,"href":"https:\/\/2026.stilanddesign.se\/en\/wp-json\/wp\/v2\/product_brand?post=1087177"},{"taxonomy":"product_cat","embeddable":true,"href":"https:\/\/2026.stilanddesign.se\/en\/wp-json\/wp\/v2\/product_cat?post=1087177"},{"taxonomy":"product_tag","embeddable":true,"href":"https:\/\/2026.stilanddesign.se\/en\/wp-json\/wp\/v2\/product_tag?post=1087177"}],"curies":[{"name":"wp","href":"https:\/\/api.w.org\/{rel}","templated":true}]}}