{"id":1087931,"date":"2026-08-12T13:19:00","date_gmt":"2026-08-12T11:19:00","guid":{"rendered":"https:\/\/2026.stilanddesign.se\/?post_type=product&#038;p=1087931"},"modified":"2026-09-01T11:51:14","modified_gmt":"2026-09-01T09:51:14","slug":"%e2%9c%a8-maja-mjuk-och-elegant-topp-med-generos-passform-%e2%9c%a8","status":"publish","type":"product","link":"https:\/\/2026.stilanddesign.se\/en\/product\/%e2%9c%a8-maja-mjuk-och-elegant-topp-med-generos-passform-%e2%9c%a8\/","title":{"rendered":"\u2728 Maja \u2013 soft and elegant top with a generous fit \u2728"},"content":{"rendered":"<p class=\"isSelectedEnd\">\u2728 <strong>Maja \u2013 soft and elegant top with a generous fit<\/strong> \u2728<\/p>\n<p class=\"isSelectedEnd\">Maja is a spacious and comfortable top with a stylish, wide model that falls softly and flatteringly over the body. The supple quality makes the top just as nice for everyday use as when you want to create a casually elegant look.<\/p>\n<p class=\"isSelectedEnd\">\ud83c\udf3f Soft and supple quality<br \/>\n\ud83d\udc95 Roomy and relaxed fit<br \/>\n\u2728 Stylish and timeless design<br \/>\n\ud83d\udc4c Bekv\u00e4ma korta \u00e4rmar med uppvik<br \/>\n\ud83d\udcab Easy to dress up or down<\/p>\n<p class=\"isSelectedEnd\">\ud83c\udfa8 <strong>Colors:<\/strong> Brown and Beige<\/p>\n<p class=\"isSelectedEnd\">\ud83d\udccf <strong>Size:<\/strong> One Size \u2013 fits approximately size 34\u201344<\/p>\n<p class=\"isSelectedEnd\">\ud83d\udcd0 <strong>Bust measurement:<\/strong> Approximately 80cm<\/p>\n<p class=\"isSelectedEnd\">\ud83e\uddf5 <strong>Material:<\/strong> 60% viscose, 40% polyester<\/p>\n<p class=\"isSelectedEnd\">\ud83e\uddfa <strong>Washing instructions:<\/strong> Machine wash 30\u00b0C<\/p>\n<p>\ud83d\udc5a <strong>Styling tips:<\/strong> Match with patterned pants and sneakers for a casual everyday look or with solid colored suit pants, jewelry and heels for a more elegant style.<\/p>","protected":false},"excerpt":{"rendered":"<p class=\"isSelectedEnd\">\u2728 <strong>Maja \u2013 soft and elegant top with a generous fit<\/strong> \u2728<\/p>\n<p class=\"isSelectedEnd\">Maja is a spacious and comfortable top with a stylish, wide model that falls softly and flatteringly over the body. The supple quality makes the top just as nice for everyday use as when you want to create a casually elegant look.<\/p>\n<p class=\"isSelectedEnd\">\ud83c\udf3f Soft and supple quality<br \/>\n\ud83d\udc95 Roomy and relaxed fit<br \/>\n\u2728 Stylish and timeless design<br \/>\n\ud83d\udc4c Bekv\u00e4ma korta \u00e4rmar med uppvik<br \/>\n\ud83d\udcab Easy to dress up or down<\/p>\n<p class=\"isSelectedEnd\">\ud83c\udfa8 <strong>Colors:<\/strong> Brown and Beige<\/p>\n<p class=\"isSelectedEnd\">\ud83d\udccf <strong>Size:<\/strong> One Size \u2013 fits approximately size 34\u201344<\/p>\n<p class=\"isSelectedEnd\">\ud83d\udcd0 <strong>Bust measurement:<\/strong> Approximately 80cm<\/p>\n<p class=\"isSelectedEnd\">\ud83e\uddf5 <strong>Material:<\/strong> 60% viscose, 40% polyester<\/p>\n<p class=\"isSelectedEnd\">\ud83e\uddfa <strong>Washing instructions:<\/strong> Machine wash 30\u00b0C<\/p>\n<p>\ud83d\udc5a <strong>Styling tips:<\/strong> Match with patterned pants and sneakers for a casual everyday look or with solid colored suit pants, jewelry and heels for a more elegant style.<\/p>","protected":false},"featured_media":1087936,"comment_status":"closed","ping_status":"closed","template":"","meta":[],"product_brand":[],"product_cat":[222],"product_tag":[],"class_list":["post-1087931","product","type-product","status-publish","has-post-thumbnail","product_cat-toppar-tischor","first","instock","taxable","shipping-taxable","purchasable","product-type-variable"],"yoast_head":"<!-- This site is optimized with the Yoast SEO Premium plugin v27.9 (Yoast SEO v28.4) - https:\/\/yoast.com\/product\/yoast-seo-premium-wordpress\/ -->\n<title>\u2728 Maja \u2013 mjuk och elegant topp med gener\u00f6s passform \u2728 - Stil &amp; Design<\/title>\n<meta name=\"robots\" content=\"noindex, follow, max-snippet:-1, max-image-preview:large, max-video-preview:-1\" \/>\n<meta property=\"og:locale\" content=\"en_US\" \/>\n<meta property=\"og:type\" content=\"article\" \/>\n<meta property=\"og:title\" content=\"\u2728 Maja \u2013 mjuk och elegant topp med gener\u00f6s passform \u2728\" \/>\n<meta property=\"og:description\" content=\"\u2728 Maja \u2013 mjuk och elegant topp med gener\u00f6s passform \u2728 Maja \u00e4r en rymlig och bekv\u00e4m topp med en stilren, bred modell som faller mjukt och smickrande \u00f6ver kroppen. Den f\u00f6ljsamma kvaliteten g\u00f6r toppen lika fin till vardags som n\u00e4r du vill skapa en avslappnat elegant look. \ud83c\udf3f Mjuk och f\u00f6ljsam kvalitet \ud83d\udc95 Rymlig och ledig passform \u2728 Stilren och tidl\u00f6s design \ud83d\udc4c Bekv\u00e4ma korta \u00e4rmar med uppvik \ud83d\udcab Enkel att kl\u00e4 b\u00e5de upp och ner \ud83c\udfa8 F\u00e4rger: Brun och Beige \ud83d\udccf Storlek: One Size \u2013 passar uppskattningsvis storlek 34\u201344 \ud83d\udcd0 Bystm\u00e5tt: Cirka 80 cm \ud83e\uddf5 Material: 60% viskos, 40% polyester \ud83e\uddfa Tv\u00e4ttr\u00e5d: Maskintv\u00e4tt 30\u00b0C \ud83d\udc5a Stylingtips: Matcha med m\u00f6nstrade byxor och sneakers f\u00f6r en avslappnad vardagslook eller med enf\u00e4rgade kostymbyxor, smycken och klackar f\u00f6r en elegantare stil.\" \/>\n<meta property=\"og:url\" content=\"https:\/\/2026.stilanddesign.se\/en\/product\/\u2728-maja-mjuk-och-elegant-topp-med-generos-passform-\u2728\/\" \/>\n<meta property=\"og:site_name\" content=\"Stil &amp; Design\" \/>\n<meta property=\"article:modified_time\" content=\"2026-09-01T09:51:14+00:00\" \/>\n<meta property=\"og:image\" content=\"https:\/\/2026.stilanddesign.se\/wp-content\/uploads\/2026\/08\/ChatGPT-Image-12-aug.-2026-13_05_59.png\" \/>\n\t<meta property=\"og:image:width\" content=\"1402\" \/>\n\t<meta property=\"og:image:height\" content=\"1122\" \/>\n\t<meta property=\"og:image:type\" content=\"image\/png\" \/>\n<meta name=\"twitter:card\" content=\"summary_large_image\" \/>\n<meta name=\"twitter:label1\" content=\"Availability\" \/>\n\t<meta name=\"twitter:data1\" content=\"In stock\" \/>\n<script type=\"application\/ld+json\" class=\"yoast-schema-graph\">{\"@context\":\"https:\\\/\\\/schema.org\",\"@graph\":[{\"@type\":\"WebPage\",\"@id\":\"https:\\\/\\\/2026.stilanddesign.se\\\/produkt\\\/%e2%9c%a8-maja-mjuk-och-elegant-topp-med-generos-passform-%e2%9c%a8\\\/\",\"url\":\"https:\\\/\\\/2026.stilanddesign.se\\\/produkt\\\/%e2%9c%a8-maja-mjuk-och-elegant-topp-med-generos-passform-%e2%9c%a8\\\/\",\"name\":\"\u2728 Maja \u2013 mjuk och elegant topp med gener\u00f6s passform \u2728 - Stil &amp; Design\",\"isPartOf\":{\"@id\":\"https:\\\/\\\/2026.stilanddesign.se\\\/#website\"},\"primaryImageOfPage\":{\"@id\":\"https:\\\/\\\/2026.stilanddesign.se\\\/produkt\\\/%e2%9c%a8-maja-mjuk-och-elegant-topp-med-generos-passform-%e2%9c%a8\\\/#primaryimage\"},\"image\":{\"@id\":\"https:\\\/\\\/2026.stilanddesign.se\\\/produkt\\\/%e2%9c%a8-maja-mjuk-och-elegant-topp-med-generos-passform-%e2%9c%a8\\\/#primaryimage\"},\"thumbnailUrl\":\"https:\\\/\\\/2026.stilanddesign.se\\\/wp-content\\\/uploads\\\/2026\\\/08\\\/ChatGPT-Image-12-aug.-2026-13_05_59.png\",\"datePublished\":\"2026-08-12T11:19:00+00:00\",\"dateModified\":\"2026-09-01T09:51:14+00:00\",\"breadcrumb\":{\"@id\":\"https:\\\/\\\/2026.stilanddesign.se\\\/produkt\\\/%e2%9c%a8-maja-mjuk-och-elegant-topp-med-generos-passform-%e2%9c%a8\\\/#breadcrumb\"},\"inLanguage\":\"en-US\",\"potentialAction\":[{\"@type\":\"ReadAction\",\"target\":[\"https:\\\/\\\/2026.stilanddesign.se\\\/produkt\\\/%e2%9c%a8-maja-mjuk-och-elegant-topp-med-generos-passform-%e2%9c%a8\\\/\"]}]},{\"@type\":\"ImageObject\",\"inLanguage\":\"en-US\",\"@id\":\"https:\\\/\\\/2026.stilanddesign.se\\\/produkt\\\/%e2%9c%a8-maja-mjuk-och-elegant-topp-med-generos-passform-%e2%9c%a8\\\/#primaryimage\",\"url\":\"https:\\\/\\\/2026.stilanddesign.se\\\/wp-content\\\/uploads\\\/2026\\\/08\\\/ChatGPT-Image-12-aug.-2026-13_05_59.png\",\"contentUrl\":\"https:\\\/\\\/2026.stilanddesign.se\\\/wp-content\\\/uploads\\\/2026\\\/08\\\/ChatGPT-Image-12-aug.-2026-13_05_59.png\",\"width\":1402,\"height\":1122},{\"@type\":\"BreadcrumbList\",\"@id\":\"https:\\\/\\\/2026.stilanddesign.se\\\/produkt\\\/%e2%9c%a8-maja-mjuk-och-elegant-topp-med-generos-passform-%e2%9c%a8\\\/#breadcrumb\",\"itemListElement\":[{\"@type\":\"ListItem\",\"position\":1,\"name\":\"Hem\",\"item\":\"https:\\\/\\\/2026.stilanddesign.se\\\/\"},{\"@type\":\"ListItem\",\"position\":2,\"name\":\"Butiken\",\"item\":\"https:\\\/\\\/2026.stilanddesign.se\\\/butiken\\\/\"},{\"@type\":\"ListItem\",\"position\":3,\"name\":\"\u2728 Maja \u2013 mjuk och elegant topp med gener\u00f6s passform \u2728\"}]},{\"@type\":\"WebSite\",\"@id\":\"https:\\\/\\\/2026.stilanddesign.se\\\/#website\",\"url\":\"https:\\\/\\\/2026.stilanddesign.se\\\/\",\"name\":\"Stil &amp; Design\",\"description\":\"F\u00f6r oss som \u00e4lskar mode!\",\"publisher\":{\"@id\":\"https:\\\/\\\/2026.stilanddesign.se\\\/#organization\"},\"potentialAction\":[{\"@type\":\"SearchAction\",\"target\":{\"@type\":\"EntryPoint\",\"urlTemplate\":\"https:\\\/\\\/2026.stilanddesign.se\\\/?s={search_term_string}\"},\"query-input\":{\"@type\":\"PropertyValueSpecification\",\"valueRequired\":true,\"valueName\":\"search_term_string\"}}],\"inLanguage\":\"en-US\"},{\"@type\":\"Organization\",\"@id\":\"https:\\\/\\\/2026.stilanddesign.se\\\/#organization\",\"name\":\"Stil &amp; Design\",\"url\":\"https:\\\/\\\/2026.stilanddesign.se\\\/\",\"logo\":{\"@type\":\"ImageObject\",\"inLanguage\":\"en-US\",\"@id\":\"https:\\\/\\\/2026.stilanddesign.se\\\/#\\\/schema\\\/logo\\\/image\\\/\",\"url\":\"https:\\\/\\\/2026.stilanddesign.se\\\/wp-content\\\/uploads\\\/2023\\\/12\\\/output-onlinepngtools-e1727784413220.png\",\"contentUrl\":\"https:\\\/\\\/2026.stilanddesign.se\\\/wp-content\\\/uploads\\\/2023\\\/12\\\/output-onlinepngtools-e1727784413220.png\",\"width\":519,\"height\":135,\"caption\":\"Stil &amp; Design\"},\"image\":{\"@id\":\"https:\\\/\\\/2026.stilanddesign.se\\\/#\\\/schema\\\/logo\\\/image\\\/\"}}]}<\/script>\n<meta property=\"og:availability\" content=\"instock\" \/>\n<meta property=\"product:availability\" content=\"instock\" \/>\n<meta property=\"product:retailer_item_id\" content=\"Maja Brun\/Beige\" \/>\n<meta property=\"product:condition\" content=\"new\" \/>\n<!-- \/ Yoast SEO Premium plugin. -->","yoast_head_json":{"title":"\u2728 Maja \u2013 mjuk och elegant topp med gener\u00f6s passform \u2728 - Stil &amp; Design","robots":{"index":"noindex","follow":"follow","max-snippet":"max-snippet:-1","max-image-preview":"max-image-preview:large","max-video-preview":"max-video-preview:-1"},"og_locale":"en_US","og_type":"article","og_title":"\u2728 Maja \u2013 mjuk och elegant topp med gener\u00f6s passform \u2728","og_description":"\u2728 Maja \u2013 mjuk och elegant topp med gener\u00f6s passform \u2728 Maja \u00e4r en rymlig och bekv\u00e4m topp med en stilren, bred modell som faller mjukt och smickrande \u00f6ver kroppen. Den f\u00f6ljsamma kvaliteten g\u00f6r toppen lika fin till vardags som n\u00e4r du vill skapa en avslappnat elegant look. \ud83c\udf3f Mjuk och f\u00f6ljsam kvalitet \ud83d\udc95 Rymlig och ledig passform \u2728 Stilren och tidl\u00f6s design \ud83d\udc4c Bekv\u00e4ma korta \u00e4rmar med uppvik \ud83d\udcab Enkel att kl\u00e4 b\u00e5de upp och ner \ud83c\udfa8 F\u00e4rger: Brun och Beige \ud83d\udccf Storlek: One Size \u2013 passar uppskattningsvis storlek 34\u201344 \ud83d\udcd0 Bystm\u00e5tt: Cirka 80 cm \ud83e\uddf5 Material: 60% viskos, 40% polyester \ud83e\uddfa Tv\u00e4ttr\u00e5d: Maskintv\u00e4tt 30\u00b0C \ud83d\udc5a Stylingtips: Matcha med m\u00f6nstrade byxor och sneakers f\u00f6r en avslappnad vardagslook eller med enf\u00e4rgade kostymbyxor, smycken och klackar f\u00f6r en elegantare stil.","og_url":"https:\/\/2026.stilanddesign.se\/en\/product\/\u2728-maja-mjuk-och-elegant-topp-med-generos-passform-\u2728\/","og_site_name":"Stil &amp; Design","article_modified_time":"2026-09-01T09:51:14+00:00","og_image":[{"width":1402,"height":1122,"url":"https:\/\/2026.stilanddesign.se\/wp-content\/uploads\/2026\/08\/ChatGPT-Image-12-aug.-2026-13_05_59.png","type":"image\/png"}],"twitter_card":"summary_large_image","twitter_misc":{"Availability":"In stock"},"schema":{"@context":"https:\/\/schema.org","@graph":[{"@type":"WebPage","@id":"https:\/\/2026.stilanddesign.se\/produkt\/%e2%9c%a8-maja-mjuk-och-elegant-topp-med-generos-passform-%e2%9c%a8\/","url":"https:\/\/2026.stilanddesign.se\/produkt\/%e2%9c%a8-maja-mjuk-och-elegant-topp-med-generos-passform-%e2%9c%a8\/","name":"\u2728 Maja \u2013 mjuk och elegant topp med gener\u00f6s passform \u2728 - Stil &amp; Design","isPartOf":{"@id":"https:\/\/2026.stilanddesign.se\/#website"},"primaryImageOfPage":{"@id":"https:\/\/2026.stilanddesign.se\/produkt\/%e2%9c%a8-maja-mjuk-och-elegant-topp-med-generos-passform-%e2%9c%a8\/#primaryimage"},"image":{"@id":"https:\/\/2026.stilanddesign.se\/produkt\/%e2%9c%a8-maja-mjuk-och-elegant-topp-med-generos-passform-%e2%9c%a8\/#primaryimage"},"thumbnailUrl":"https:\/\/2026.stilanddesign.se\/wp-content\/uploads\/2026\/08\/ChatGPT-Image-12-aug.-2026-13_05_59.png","datePublished":"2026-08-12T11:19:00+00:00","dateModified":"2026-09-01T09:51:14+00:00","breadcrumb":{"@id":"https:\/\/2026.stilanddesign.se\/produkt\/%e2%9c%a8-maja-mjuk-och-elegant-topp-med-generos-passform-%e2%9c%a8\/#breadcrumb"},"inLanguage":"en-US","potentialAction":[{"@type":"ReadAction","target":["https:\/\/2026.stilanddesign.se\/produkt\/%e2%9c%a8-maja-mjuk-och-elegant-topp-med-generos-passform-%e2%9c%a8\/"]}]},{"@type":"ImageObject","inLanguage":"en-US","@id":"https:\/\/2026.stilanddesign.se\/produkt\/%e2%9c%a8-maja-mjuk-och-elegant-topp-med-generos-passform-%e2%9c%a8\/#primaryimage","url":"https:\/\/2026.stilanddesign.se\/wp-content\/uploads\/2026\/08\/ChatGPT-Image-12-aug.-2026-13_05_59.png","contentUrl":"https:\/\/2026.stilanddesign.se\/wp-content\/uploads\/2026\/08\/ChatGPT-Image-12-aug.-2026-13_05_59.png","width":1402,"height":1122},{"@type":"BreadcrumbList","@id":"https:\/\/2026.stilanddesign.se\/produkt\/%e2%9c%a8-maja-mjuk-och-elegant-topp-med-generos-passform-%e2%9c%a8\/#breadcrumb","itemListElement":[{"@type":"ListItem","position":1,"name":"Hem","item":"https:\/\/2026.stilanddesign.se\/"},{"@type":"ListItem","position":2,"name":"Butiken","item":"https:\/\/2026.stilanddesign.se\/butiken\/"},{"@type":"ListItem","position":3,"name":"\u2728 Maja \u2013 mjuk och elegant topp med gener\u00f6s passform \u2728"}]},{"@type":"WebSite","@id":"https:\/\/2026.stilanddesign.se\/#website","url":"https:\/\/2026.stilanddesign.se\/","name":"Style &amp; Design","description":"For those of us who love fashion!","publisher":{"@id":"https:\/\/2026.stilanddesign.se\/#organization"},"potentialAction":[{"@type":"SearchAction","target":{"@type":"EntryPoint","urlTemplate":"https:\/\/2026.stilanddesign.se\/?s={search_term_string}"},"query-input":{"@type":"PropertyValueSpecification","valueRequired":true,"valueName":"search_term_string"}}],"inLanguage":"en-US"},{"@type":"Organization","@id":"https:\/\/2026.stilanddesign.se\/#organization","name":"Style &amp; Design","url":"https:\/\/2026.stilanddesign.se\/","logo":{"@type":"ImageObject","inLanguage":"en-US","@id":"https:\/\/2026.stilanddesign.se\/#\/schema\/logo\/image\/","url":"https:\/\/2026.stilanddesign.se\/wp-content\/uploads\/2023\/12\/output-onlinepngtools-e1727784413220.png","contentUrl":"https:\/\/2026.stilanddesign.se\/wp-content\/uploads\/2023\/12\/output-onlinepngtools-e1727784413220.png","width":519,"height":135,"caption":"Stil &amp; Design"},"image":{"@id":"https:\/\/2026.stilanddesign.se\/#\/schema\/logo\/image\/"}}]},"og_availability":"instock","product_availability":"instock","product_retailer_item_id":"Maja Brun\/Beige","product_condition":"new"},"_links":{"self":[{"href":"https:\/\/2026.stilanddesign.se\/en\/wp-json\/wp\/v2\/product\/1087931","targetHints":{"allow":["GET"]}}],"collection":[{"href":"https:\/\/2026.stilanddesign.se\/en\/wp-json\/wp\/v2\/product"}],"about":[{"href":"https:\/\/2026.stilanddesign.se\/en\/wp-json\/wp\/v2\/types\/product"}],"replies":[{"embeddable":true,"href":"https:\/\/2026.stilanddesign.se\/en\/wp-json\/wp\/v2\/comments?post=1087931"}],"wp:featuredmedia":[{"embeddable":true,"href":"https:\/\/2026.stilanddesign.se\/en\/wp-json\/wp\/v2\/media\/1087936"}],"wp:attachment":[{"href":"https:\/\/2026.stilanddesign.se\/en\/wp-json\/wp\/v2\/media?parent=1087931"}],"wp:term":[{"taxonomy":"product_brand","embeddable":true,"href":"https:\/\/2026.stilanddesign.se\/en\/wp-json\/wp\/v2\/product_brand?post=1087931"},{"taxonomy":"product_cat","embeddable":true,"href":"https:\/\/2026.stilanddesign.se\/en\/wp-json\/wp\/v2\/product_cat?post=1087931"},{"taxonomy":"product_tag","embeddable":true,"href":"https:\/\/2026.stilanddesign.se\/en\/wp-json\/wp\/v2\/product_tag?post=1087931"}],"curies":[{"name":"wp","href":"https:\/\/api.w.org\/{rel}","templated":true}]}}